{"id":351,"date":"2017-04-28T12:54:15","date_gmt":"2017-04-28T09:54:15","guid":{"rendered":"http:\/\/indrek.veebikoda.com\/?page_id=351\/"},"modified":"2020-03-09T11:52:37","modified_gmt":"2020-03-09T09:52:37","slug":"portfolio","status":"publish","type":"page","link":"https:\/\/projektipea.ee\/en\/portfolio\/","title":{"rendered":"Portfolio"},"content":{"rendered":"\t\t<div data-elementor-type=\"wp-page\" data-elementor-id=\"351\" class=\"elementor elementor-351 elementor-29\" data-elementor-post-type=\"page\">\n\t\t\t\t\t\t<section class=\"elementor-section elementor-top-section elementor-element elementor-element-61ee531a elementor-section-boxed elementor-section-height-default elementor-section-height-default\" data-id=\"61ee531a\" data-element_type=\"section\" data-e-type=\"section\">\n\t\t\t\t\t\t<div class=\"elementor-container elementor-column-gap-default\">\n\t\t\t\t\t<div class=\"elementor-column elementor-col-100 elementor-top-column elementor-element elementor-element-47785235\" data-id=\"47785235\" data-element_type=\"column\" data-e-type=\"column\">\n\t\t\t<div class=\"elementor-widget-wrap elementor-element-populated\">\n\t\t\t\t\t\t<div class=\"elementor-element elementor-element-318efa2 elementor-widget elementor-widget-heading\" data-id=\"318efa2\" data-element_type=\"widget\" data-e-type=\"widget\" data-widget_type=\"heading.default\">\n\t\t\t\t<div class=\"elementor-widget-container\">\n\t\t\t\t\t<h2 class=\"elementor-heading-title elementor-size-default\">A selection of buildings in the design work of which the consultants of Projektipea have been involved\n\n\n<\/h2>\t\t\t\t<\/div>\n\t\t\t\t<\/div>\n\t\t\t\t\t<\/div>\n\t\t<\/div>\n\t\t\t\t\t<\/div>\n\t\t<\/section>\n\t\t\t\t<section class=\"elementor-section elementor-top-section elementor-element elementor-element-fd9c821 elementor-section-boxed elementor-section-height-default elementor-section-height-default\" data-id=\"fd9c821\" data-element_type=\"section\" data-e-type=\"section\">\n\t\t\t\t\t\t<div class=\"elementor-container elementor-column-gap-default\">\n\t\t\t\t\t<div class=\"elementor-column elementor-col-100 elementor-top-column elementor-element elementor-element-6c67620\" data-id=\"6c67620\" data-element_type=\"column\" data-e-type=\"column\">\n\t\t\t<div class=\"elementor-widget-wrap elementor-element-populated\">\n\t\t\t\t\t\t<div class=\"elementor-element elementor-element-4bff1bb elementor-widget elementor-widget-gallery\" data-id=\"4bff1bb\" data-element_type=\"widget\" data-e-type=\"widget\" data-settings=\"{&quot;gap&quot;:{&quot;unit&quot;:&quot;px&quot;,&quot;size&quot;:5,&quot;sizes&quot;:[]},&quot;aspect_ratio&quot;:&quot;4:3&quot;,&quot;overlay_title&quot;:&quot;title&quot;,&quot;lazyload&quot;:&quot;yes&quot;,&quot;gallery_layout&quot;:&quot;grid&quot;,&quot;columns&quot;:4,&quot;columns_tablet&quot;:2,&quot;columns_mobile&quot;:1,&quot;gap_tablet&quot;:{&quot;unit&quot;:&quot;px&quot;,&quot;size&quot;:10,&quot;sizes&quot;:[]},&quot;gap_mobile&quot;:{&quot;unit&quot;:&quot;px&quot;,&quot;size&quot;:10,&quot;sizes&quot;:[]},&quot;link_to&quot;:&quot;file&quot;,&quot;overlay_background&quot;:&quot;yes&quot;,&quot;content_hover_animation&quot;:&quot;fade-in&quot;}\" data-widget_type=\"gallery.default\">\n\t\t\t\t<div class=\"elementor-widget-container\">\n\t\t\t\t\t\t\t<div class=\"elementor-gallery__container\">\n\t\t\t\t\t\t\t<a class=\"e-gallery-item elementor-gallery-item elementor-animated-content\" href=\"https:\/\/projektipea.ee\/wp-content\/uploads\/2017\/04\/pilt-0000.jpg\" data-elementor-open-lightbox=\"yes\" data-elementor-lightbox-slideshow=\"4bff1bb\" data-elementor-lightbox-title=\"Arsenali \u00c4rikeskus, rekonstrueerimine \/ arhitektuur PIN Arhitektid\" data-elementor-lightbox-description=\"Arsenali \u00c4rikeskus, rekonstrueerimine \/ arhitektuur PIN Arhitektid\" data-e-action-hash=\"#elementor-action%3Aaction%3Dlightbox%26settings%3DeyJpZCI6OTAsInVybCI6Imh0dHBzOlwvXC9wcm9qZWt0aXBlYS5lZVwvd3AtY29udGVudFwvdXBsb2Fkc1wvMjAxN1wvMDRcL3BpbHQtMDAwMC5qcGciLCJzbGlkZXNob3ciOiI0YmZmMWJiIn0%3D\">\n\t\t\t\t\t<div class=\"e-gallery-image elementor-gallery-item__image\" data-thumbnail=\"https:\/\/projektipea.ee\/wp-content\/uploads\/2017\/04\/pilt-0000-768x512.jpg\" data-width=\"768\" data-height=\"512\" aria-label=\"Arsenali \u00c4rikeskus, rekonstrueerimine \/ arhitektuur PIN Arhitektid\" role=\"img\" ><\/div>\n\t\t\t\t\t\t\t\t\t\t\t<div class=\"elementor-gallery-item__overlay\"><\/div>\n\t\t\t\t\t\t\t\t\t\t\t\t\t\t\t<div class=\"elementor-gallery-item__content\">\n\t\t\t\t\t\t\t\t\t\t\t\t\t\t<div class=\"elementor-gallery-item__title\">\n\t\t\t\t\t\t\t\t\t\t\t\t\t\t\t\t\t\tArsenali \u00c4rikeskus, rekonstrueerimine \/ arhitektuur PIN Arhitektid\t\t\t\t\t\t\t\t<\/div>\n\t\t\t\t\t\t\t\t\t\t\t\t<\/div>\n\t\t\t\t\t\t\t\t\t<\/a>\n\t\t\t\t\t\t\t<a class=\"e-gallery-item elementor-gallery-item elementor-animated-content\" href=\"https:\/\/projektipea.ee\/wp-content\/uploads\/2020\/03\/Viljandi.jpg\" data-elementor-open-lightbox=\"yes\" data-elementor-lightbox-slideshow=\"4bff1bb\" data-elementor-lightbox-title=\"Viljandi laululava \/ arhitektuur Kadarik T\u00fc\u00fcr Arhitektid\" data-e-action-hash=\"#elementor-action%3Aaction%3Dlightbox%26settings%3DeyJpZCI6NTEwLCJ1cmwiOiJodHRwczpcL1wvcHJvamVrdGlwZWEuZWVcL3dwLWNvbnRlbnRcL3VwbG9hZHNcLzIwMjBcLzAzXC9WaWxqYW5kaS5qcGciLCJzbGlkZXNob3ciOiI0YmZmMWJiIn0%3D\">\n\t\t\t\t\t<div class=\"e-gallery-image elementor-gallery-item__image\" data-thumbnail=\"https:\/\/projektipea.ee\/wp-content\/uploads\/2020\/03\/Viljandi-768x512.jpg\" data-width=\"768\" data-height=\"512\" aria-label=\"Viljandi laululava \/ Arhitektuur Kadarik T\u00fc\u00fcr arhitektid\" role=\"img\" ><\/div>\n\t\t\t\t\t\t\t\t\t\t\t<div class=\"elementor-gallery-item__overlay\"><\/div>\n\t\t\t\t\t\t\t\t\t\t\t\t\t\t\t<div class=\"elementor-gallery-item__content\">\n\t\t\t\t\t\t\t\t\t\t\t\t\t\t<div class=\"elementor-gallery-item__title\">\n\t\t\t\t\t\t\t\t\t\t\t\t\t\t\t\t\t\tViljandi laululava \/ arhitektuur Kadarik T\u00fc\u00fcr Arhitektid\t\t\t\t\t\t\t\t<\/div>\n\t\t\t\t\t\t\t\t\t\t\t\t<\/div>\n\t\t\t\t\t\t\t\t\t<\/a>\n\t\t\t\t\t\t\t<a class=\"e-gallery-item elementor-gallery-item elementor-animated-content\" href=\"https:\/\/projektipea.ee\/wp-content\/uploads\/2017\/04\/pilt-0002.jpg\" data-elementor-open-lightbox=\"yes\" data-elementor-lightbox-slideshow=\"4bff1bb\" data-elementor-lightbox-title=\"Eesti Rahva Muuseum \/ arhitektuur Dorell Ghotmeh Tane Architects\" data-elementor-lightbox-description=\"Eesti Rahva Muuseum \/ arhitektuur Dorell Ghotmeh Tane Architects\" data-e-action-hash=\"#elementor-action%3Aaction%3Dlightbox%26settings%3DeyJpZCI6OTIsInVybCI6Imh0dHBzOlwvXC9wcm9qZWt0aXBlYS5lZVwvd3AtY29udGVudFwvdXBsb2Fkc1wvMjAxN1wvMDRcL3BpbHQtMDAwMi5qcGciLCJzbGlkZXNob3ciOiI0YmZmMWJiIn0%3D\">\n\t\t\t\t\t<div class=\"e-gallery-image elementor-gallery-item__image\" data-thumbnail=\"https:\/\/projektipea.ee\/wp-content\/uploads\/2017\/04\/pilt-0002-768x512.jpg\" data-width=\"768\" data-height=\"512\" aria-label=\"Eesti Rahva Muuseum \/ arhitektuur Dorell Ghotmeh Tane Architects\" role=\"img\" ><\/div>\n\t\t\t\t\t\t\t\t\t\t\t<div class=\"elementor-gallery-item__overlay\"><\/div>\n\t\t\t\t\t\t\t\t\t\t\t\t\t\t\t<div class=\"elementor-gallery-item__content\">\n\t\t\t\t\t\t\t\t\t\t\t\t\t\t<div class=\"elementor-gallery-item__title\">\n\t\t\t\t\t\t\t\t\t\t\t\t\t\t\t\t\t\tEesti Rahva Muuseum \/ arhitektuur Dorell Ghotmeh Tane Architects\t\t\t\t\t\t\t\t<\/div>\n\t\t\t\t\t\t\t\t\t\t\t\t<\/div>\n\t\t\t\t\t\t\t\t\t<\/a>\n\t\t\t\t\t\t\t<a class=\"e-gallery-item elementor-gallery-item elementor-animated-content\" href=\"https:\/\/projektipea.ee\/wp-content\/uploads\/2017\/04\/pilt-0012.jpg\" data-elementor-open-lightbox=\"yes\" data-elementor-lightbox-slideshow=\"4bff1bb\" data-elementor-lightbox-title=\"Rotermanni Kontrollk\u00e4iguhoone, rekonstrueerimine \/ arhitektuur KOKO arhitektid\" data-elementor-lightbox-description=\"Rotermanni Kontrollk\u00e4iguhoone, rekonstrueerimine \/ arhitektuur KOKO arhitektid\" data-e-action-hash=\"#elementor-action%3Aaction%3Dlightbox%26settings%3DeyJpZCI6MTAyLCJ1cmwiOiJodHRwczpcL1wvcHJvamVrdGlwZWEuZWVcL3dwLWNvbnRlbnRcL3VwbG9hZHNcLzIwMTdcLzA0XC9waWx0LTAwMTIuanBnIiwic2xpZGVzaG93IjoiNGJmZjFiYiJ9\">\n\t\t\t\t\t<div class=\"e-gallery-image elementor-gallery-item__image\" data-thumbnail=\"https:\/\/projektipea.ee\/wp-content\/uploads\/2017\/04\/pilt-0012-768x648.jpg\" data-width=\"768\" data-height=\"648\" aria-label=\"Rotermanni Kontrollk\u00e4iguhoone, rekonstrueerimine \/ arhitektuur KOKO arhitektid\" role=\"img\" ><\/div>\n\t\t\t\t\t\t\t\t\t\t\t<div class=\"elementor-gallery-item__overlay\"><\/div>\n\t\t\t\t\t\t\t\t\t\t\t\t\t\t\t<div class=\"elementor-gallery-item__content\">\n\t\t\t\t\t\t\t\t\t\t\t\t\t\t<div class=\"elementor-gallery-item__title\">\n\t\t\t\t\t\t\t\t\t\t\t\t\t\t\t\t\t\tRotermanni Kontrollk\u00e4iguhoone, rekonstrueerimine \/ arhitektuur KOKO arhitektid\t\t\t\t\t\t\t\t<\/div>\n\t\t\t\t\t\t\t\t\t\t\t\t<\/div>\n\t\t\t\t\t\t\t\t\t<\/a>\n\t\t\t\t\t\t\t<a class=\"e-gallery-item elementor-gallery-item elementor-animated-content\" href=\"https:\/\/projektipea.ee\/wp-content\/uploads\/2017\/04\/pilt-0013.jpg\" data-elementor-open-lightbox=\"yes\" data-elementor-lightbox-slideshow=\"4bff1bb\" data-elementor-lightbox-title=\"Rotermanni Laudsepat\u00f6\u00f6koda, rekonstrueerimine \/ arhitektuur KOKO arhitektid\" data-elementor-lightbox-description=\"Rotermanni Laudsepat\u00f6\u00f6koda, rekonstrueerimine \/ arhitektuur KOKO arhitektid\" data-e-action-hash=\"#elementor-action%3Aaction%3Dlightbox%26settings%3DeyJpZCI6MTAzLCJ1cmwiOiJodHRwczpcL1wvcHJvamVrdGlwZWEuZWVcL3dwLWNvbnRlbnRcL3VwbG9hZHNcLzIwMTdcLzA0XC9waWx0LTAwMTMuanBnIiwic2xpZGVzaG93IjoiNGJmZjFiYiJ9\">\n\t\t\t\t\t<div class=\"e-gallery-image elementor-gallery-item__image\" data-thumbnail=\"https:\/\/projektipea.ee\/wp-content\/uploads\/2017\/04\/pilt-0013-768x512.jpg\" data-width=\"768\" data-height=\"512\" aria-label=\"Rotermanni Laudsepat\u00f6\u00f6koda, rekonstrueerimine \/ arhitektuur KOKO arhitektid\" role=\"img\" ><\/div>\n\t\t\t\t\t\t\t\t\t\t\t<div class=\"elementor-gallery-item__overlay\"><\/div>\n\t\t\t\t\t\t\t\t\t\t\t\t\t\t\t<div class=\"elementor-gallery-item__content\">\n\t\t\t\t\t\t\t\t\t\t\t\t\t\t<div class=\"elementor-gallery-item__title\">\n\t\t\t\t\t\t\t\t\t\t\t\t\t\t\t\t\t\tRotermanni Laudsepat\u00f6\u00f6koda, rekonstrueerimine \/ arhitektuur KOKO arhitektid\t\t\t\t\t\t\t\t<\/div>\n\t\t\t\t\t\t\t\t\t\t\t\t<\/div>\n\t\t\t\t\t\t\t\t\t<\/a>\n\t\t\t\t\t\t\t<a class=\"e-gallery-item elementor-gallery-item elementor-animated-content\" href=\"https:\/\/projektipea.ee\/wp-content\/uploads\/2017\/04\/pilt-0014.jpg\" data-elementor-open-lightbox=\"yes\" data-elementor-lightbox-slideshow=\"4bff1bb\" data-elementor-lightbox-title=\"S\u00f5le Spordihoone \/ arhitektuur Kadarik T\u00fc\u00fcr Arhitektid\" data-elementor-lightbox-description=\"S\u00f5le Spordihoone \/ arhitektuur Kadarik T\u00fc\u00fcr Arhitektid\" data-e-action-hash=\"#elementor-action%3Aaction%3Dlightbox%26settings%3DeyJpZCI6MTA0LCJ1cmwiOiJodHRwczpcL1wvcHJvamVrdGlwZWEuZWVcL3dwLWNvbnRlbnRcL3VwbG9hZHNcLzIwMTdcLzA0XC9waWx0LTAwMTQuanBnIiwic2xpZGVzaG93IjoiNGJmZjFiYiJ9\">\n\t\t\t\t\t<div class=\"e-gallery-image elementor-gallery-item__image\" data-thumbnail=\"https:\/\/projektipea.ee\/wp-content\/uploads\/2017\/04\/pilt-0014-768x542.jpg\" data-width=\"768\" data-height=\"542\" aria-label=\"S\u00f5le Spordihoone \/ arhitektuur Kadarik T\u00fc\u00fcr Arhitektid\" role=\"img\" ><\/div>\n\t\t\t\t\t\t\t\t\t\t\t<div class=\"elementor-gallery-item__overlay\"><\/div>\n\t\t\t\t\t\t\t\t\t\t\t\t\t\t\t<div class=\"elementor-gallery-item__content\">\n\t\t\t\t\t\t\t\t\t\t\t\t\t\t<div class=\"elementor-gallery-item__title\">\n\t\t\t\t\t\t\t\t\t\t\t\t\t\t\t\t\t\tS\u00f5le Spordihoone \/ arhitektuur Kadarik T\u00fc\u00fcr Arhitektid\t\t\t\t\t\t\t\t<\/div>\n\t\t\t\t\t\t\t\t\t\t\t\t<\/div>\n\t\t\t\t\t\t\t\t\t<\/a>\n\t\t\t\t\t\t\t<a class=\"e-gallery-item elementor-gallery-item elementor-animated-content\" href=\"https:\/\/projektipea.ee\/wp-content\/uploads\/2017\/04\/pilt-0003.jpg\" data-elementor-open-lightbox=\"yes\" data-elementor-lightbox-slideshow=\"4bff1bb\" data-elementor-lightbox-title=\"EXPO Milano 2015 Eesti paviljon \/ arhitektuur Kadarik T\u00fc\u00fcr Arhitektid\" data-elementor-lightbox-description=\"EXPO Milano 2015 Eesti paviljon \/ arhitektuur Kadarik T\u00fc\u00fcr Arhitektid\" data-e-action-hash=\"#elementor-action%3Aaction%3Dlightbox%26settings%3DeyJpZCI6OTMsInVybCI6Imh0dHBzOlwvXC9wcm9qZWt0aXBlYS5lZVwvd3AtY29udGVudFwvdXBsb2Fkc1wvMjAxN1wvMDRcL3BpbHQtMDAwMy5qcGciLCJzbGlkZXNob3ciOiI0YmZmMWJiIn0%3D\">\n\t\t\t\t\t<div class=\"e-gallery-image elementor-gallery-item__image\" data-thumbnail=\"https:\/\/projektipea.ee\/wp-content\/uploads\/2017\/04\/pilt-0003-768x512.jpg\" data-width=\"768\" data-height=\"512\" aria-label=\"EXPO Milano 2015 Eesti paviljon \/ arhitektuur Kadarik T\u00fc\u00fcr Arhitektid\" role=\"img\" ><\/div>\n\t\t\t\t\t\t\t\t\t\t\t<div class=\"elementor-gallery-item__overlay\"><\/div>\n\t\t\t\t\t\t\t\t\t\t\t\t\t\t\t<div class=\"elementor-gallery-item__content\">\n\t\t\t\t\t\t\t\t\t\t\t\t\t\t<div class=\"elementor-gallery-item__title\">\n\t\t\t\t\t\t\t\t\t\t\t\t\t\t\t\t\t\tEXPO Milano 2015 Eesti paviljon \/ arhitektuur Kadarik T\u00fc\u00fcr Arhitektid\t\t\t\t\t\t\t\t<\/div>\n\t\t\t\t\t\t\t\t\t\t\t\t<\/div>\n\t\t\t\t\t\t\t\t\t<\/a>\n\t\t\t\t\t\t\t<a class=\"e-gallery-item elementor-gallery-item elementor-animated-content\" href=\"https:\/\/projektipea.ee\/wp-content\/uploads\/2017\/04\/pilt-0004.jpg\" data-elementor-open-lightbox=\"yes\" data-elementor-lightbox-slideshow=\"4bff1bb\" data-elementor-lightbox-title=\"Kalamaja P\u00f5hikool, rekonstrueerimine \/ arhitektuur AB Studio 3\" data-elementor-lightbox-description=\"Kalamaja P\u00f5hikool, rekonstrueerimine \/ arhitektuur AB Studio 3\" data-e-action-hash=\"#elementor-action%3Aaction%3Dlightbox%26settings%3DeyJpZCI6OTQsInVybCI6Imh0dHBzOlwvXC9wcm9qZWt0aXBlYS5lZVwvd3AtY29udGVudFwvdXBsb2Fkc1wvMjAxN1wvMDRcL3BpbHQtMDAwNC5qcGciLCJzbGlkZXNob3ciOiI0YmZmMWJiIn0%3D\">\n\t\t\t\t\t<div class=\"e-gallery-image elementor-gallery-item__image\" data-thumbnail=\"https:\/\/projektipea.ee\/wp-content\/uploads\/2017\/04\/pilt-0004-768x576.jpg\" data-width=\"768\" data-height=\"576\" aria-label=\"Kalamaja P\u00f5hikool, rekonstrueerimine \/ arhitektuur AB Studio 3\" role=\"img\" ><\/div>\n\t\t\t\t\t\t\t\t\t\t\t<div class=\"elementor-gallery-item__overlay\"><\/div>\n\t\t\t\t\t\t\t\t\t\t\t\t\t\t\t<div class=\"elementor-gallery-item__content\">\n\t\t\t\t\t\t\t\t\t\t\t\t\t\t<div class=\"elementor-gallery-item__title\">\n\t\t\t\t\t\t\t\t\t\t\t\t\t\t\t\t\t\tKalamaja P\u00f5hikool, rekonstrueerimine \/ arhitektuur AB Studio 3\t\t\t\t\t\t\t\t<\/div>\n\t\t\t\t\t\t\t\t\t\t\t\t<\/div>\n\t\t\t\t\t\t\t\t\t<\/a>\n\t\t\t\t\t\t\t<a class=\"e-gallery-item elementor-gallery-item elementor-animated-content\" href=\"https:\/\/projektipea.ee\/wp-content\/uploads\/2017\/04\/pilt-0005.jpg\" data-elementor-open-lightbox=\"yes\" data-elementor-lightbox-slideshow=\"4bff1bb\" data-elementor-lightbox-title=\"Kino Kosmos, rekonstrueerimine \/ arhitektuur Urmas L\u00f5okese AB\" data-elementor-lightbox-description=\"Kino Kosmos, rekonstrueerimine \/ arhitektuur Urmas L\u00f5okese AB\" data-e-action-hash=\"#elementor-action%3Aaction%3Dlightbox%26settings%3DeyJpZCI6OTUsInVybCI6Imh0dHBzOlwvXC9wcm9qZWt0aXBlYS5lZVwvd3AtY29udGVudFwvdXBsb2Fkc1wvMjAxN1wvMDRcL3BpbHQtMDAwNS5qcGciLCJzbGlkZXNob3ciOiI0YmZmMWJiIn0%3D\">\n\t\t\t\t\t<div class=\"e-gallery-image elementor-gallery-item__image\" data-thumbnail=\"https:\/\/projektipea.ee\/wp-content\/uploads\/2017\/04\/pilt-0005-768x512.jpg\" data-width=\"768\" data-height=\"512\" aria-label=\"Kino Kosmos, rekonstrueerimine \/ arhitektuur Urmas L\u00f5okese AB\" role=\"img\" ><\/div>\n\t\t\t\t\t\t\t\t\t\t\t<div class=\"elementor-gallery-item__overlay\"><\/div>\n\t\t\t\t\t\t\t\t\t\t\t\t\t\t\t<div class=\"elementor-gallery-item__content\">\n\t\t\t\t\t\t\t\t\t\t\t\t\t\t<div class=\"elementor-gallery-item__title\">\n\t\t\t\t\t\t\t\t\t\t\t\t\t\t\t\t\t\tKino Kosmos, rekonstrueerimine \/ arhitektuur Urmas L\u00f5okese AB\t\t\t\t\t\t\t\t<\/div>\n\t\t\t\t\t\t\t\t\t\t\t\t<\/div>\n\t\t\t\t\t\t\t\t\t<\/a>\n\t\t\t\t\t\t\t<a class=\"e-gallery-item elementor-gallery-item elementor-animated-content\" href=\"https:\/\/projektipea.ee\/wp-content\/uploads\/2017\/04\/pilt-0015.jpg\" data-elementor-open-lightbox=\"yes\" data-elementor-lightbox-slideshow=\"4bff1bb\" data-elementor-lightbox-title=\"Tallinna Teletorn, rekonstrueerimine \/ arhitektuur KOKO arhitektid\" data-elementor-lightbox-description=\"Tallinna Teletorn, rekonstrueerimine \/ arhitektuur KOKO arhitektid\" data-e-action-hash=\"#elementor-action%3Aaction%3Dlightbox%26settings%3DeyJpZCI6MTA1LCJ1cmwiOiJodHRwczpcL1wvcHJvamVrdGlwZWEuZWVcL3dwLWNvbnRlbnRcL3VwbG9hZHNcLzIwMTdcLzA0XC9waWx0LTAwMTUuanBnIiwic2xpZGVzaG93IjoiNGJmZjFiYiJ9\">\n\t\t\t\t\t<div class=\"e-gallery-image elementor-gallery-item__image\" data-thumbnail=\"https:\/\/projektipea.ee\/wp-content\/uploads\/2017\/04\/pilt-0015-768x1151.jpg\" data-width=\"768\" data-height=\"1151\" aria-label=\"Tallinna Teletorn, rekonstrueerimine \/ arhitektuur KOKO arhitektid\" role=\"img\" ><\/div>\n\t\t\t\t\t\t\t\t\t\t\t<div class=\"elementor-gallery-item__overlay\"><\/div>\n\t\t\t\t\t\t\t\t\t\t\t\t\t\t\t<div class=\"elementor-gallery-item__content\">\n\t\t\t\t\t\t\t\t\t\t\t\t\t\t<div class=\"elementor-gallery-item__title\">\n\t\t\t\t\t\t\t\t\t\t\t\t\t\t\t\t\t\tTallinna Teletorn, rekonstrueerimine \/ arhitektuur KOKO arhitektid\t\t\t\t\t\t\t\t<\/div>\n\t\t\t\t\t\t\t\t\t\t\t\t<\/div>\n\t\t\t\t\t\t\t\t\t<\/a>\n\t\t\t\t\t\t\t<a class=\"e-gallery-item elementor-gallery-item elementor-animated-content\" href=\"https:\/\/projektipea.ee\/wp-content\/uploads\/2017\/04\/pilt-0016.jpg\" data-elementor-open-lightbox=\"yes\" data-elementor-lightbox-slideshow=\"4bff1bb\" data-elementor-lightbox-title=\"Tallinna \u00dclikooli Loomemaja \/ arhitektuur AB Salto\" data-elementor-lightbox-description=\"Tallinna \u00dclikooli Loomemaja \/ arhitektuur AB Salto\" data-e-action-hash=\"#elementor-action%3Aaction%3Dlightbox%26settings%3DeyJpZCI6MTA2LCJ1cmwiOiJodHRwczpcL1wvcHJvamVrdGlwZWEuZWVcL3dwLWNvbnRlbnRcL3VwbG9hZHNcLzIwMTdcLzA0XC9waWx0LTAwMTYuanBnIiwic2xpZGVzaG93IjoiNGJmZjFiYiJ9\">\n\t\t\t\t\t<div class=\"e-gallery-image elementor-gallery-item__image\" data-thumbnail=\"https:\/\/projektipea.ee\/wp-content\/uploads\/2017\/04\/pilt-0016-768x662.jpg\" data-width=\"768\" data-height=\"662\" aria-label=\"Tallinna \u00dclikooli Loomemaja \/ arhitektuur AB Salto\" role=\"img\" ><\/div>\n\t\t\t\t\t\t\t\t\t\t\t<div class=\"elementor-gallery-item__overlay\"><\/div>\n\t\t\t\t\t\t\t\t\t\t\t\t\t\t\t<div class=\"elementor-gallery-item__content\">\n\t\t\t\t\t\t\t\t\t\t\t\t\t\t<div class=\"elementor-gallery-item__title\">\n\t\t\t\t\t\t\t\t\t\t\t\t\t\t\t\t\t\tTallinna \u00dclikooli Loomemaja \/ arhitektuur AB Salto\t\t\t\t\t\t\t\t<\/div>\n\t\t\t\t\t\t\t\t\t\t\t\t<\/div>\n\t\t\t\t\t\t\t\t\t<\/a>\n\t\t\t\t\t\t\t<a class=\"e-gallery-item elementor-gallery-item elementor-animated-content\" href=\"https:\/\/projektipea.ee\/wp-content\/uploads\/2017\/04\/pilt-0017.jpg\" data-elementor-open-lightbox=\"yes\" data-elementor-lightbox-slideshow=\"4bff1bb\" data-elementor-lightbox-title=\"Tammsaare park, rekonstrueerimine \/ arhitektuur Kadarik Tu\u0308u\u0308r Arhitektid\" data-elementor-lightbox-description=\"Tammsaare park, rekonstrueerimine \/ arhitektuur Kadarik Tu\u0308u\u0308r Arhitektid\" data-e-action-hash=\"#elementor-action%3Aaction%3Dlightbox%26settings%3DeyJpZCI6MTA3LCJ1cmwiOiJodHRwczpcL1wvcHJvamVrdGlwZWEuZWVcL3dwLWNvbnRlbnRcL3VwbG9hZHNcLzIwMTdcLzA0XC9waWx0LTAwMTcuanBnIiwic2xpZGVzaG93IjoiNGJmZjFiYiJ9\">\n\t\t\t\t\t<div class=\"e-gallery-image elementor-gallery-item__image\" data-thumbnail=\"https:\/\/projektipea.ee\/wp-content\/uploads\/2017\/04\/pilt-0017-768x432.jpg\" data-width=\"768\" data-height=\"432\" aria-label=\"Tammsaare park, rekonstrueerimine \/ arhitektuur Kadarik Tu\u0308u\u0308r Arhitektid\" role=\"img\" ><\/div>\n\t\t\t\t\t\t\t\t\t\t\t<div class=\"elementor-gallery-item__overlay\"><\/div>\n\t\t\t\t\t\t\t\t\t\t\t\t\t\t\t<div class=\"elementor-gallery-item__content\">\n\t\t\t\t\t\t\t\t\t\t\t\t\t\t<div class=\"elementor-gallery-item__title\">\n\t\t\t\t\t\t\t\t\t\t\t\t\t\t\t\t\t\tTammsaare park, rekonstrueerimine \/ arhitektuur Kadarik Tu\u0308u\u0308r Arhitektid\t\t\t\t\t\t\t\t<\/div>\n\t\t\t\t\t\t\t\t\t\t\t\t<\/div>\n\t\t\t\t\t\t\t\t\t<\/a>\n\t\t\t\t\t\t\t<a class=\"e-gallery-item elementor-gallery-item elementor-animated-content\" href=\"https:\/\/projektipea.ee\/wp-content\/uploads\/2017\/04\/pilt-0006.jpg\" data-elementor-open-lightbox=\"yes\" data-elementor-lightbox-slideshow=\"4bff1bb\" data-elementor-lightbox-title=\"Kultuurikatel, rekonstrueerimine \/ arhitektuur KAVAKAVA\" data-elementor-lightbox-description=\"Kultuurikatel, rekonstrueerimine \/ arhitektuur KAVAKAVA\" data-e-action-hash=\"#elementor-action%3Aaction%3Dlightbox%26settings%3DeyJpZCI6OTYsInVybCI6Imh0dHBzOlwvXC9wcm9qZWt0aXBlYS5lZVwvd3AtY29udGVudFwvdXBsb2Fkc1wvMjAxN1wvMDRcL3BpbHQtMDAwNi5qcGciLCJzbGlkZXNob3ciOiI0YmZmMWJiIn0%3D\">\n\t\t\t\t\t<div class=\"e-gallery-image elementor-gallery-item__image\" data-thumbnail=\"https:\/\/projektipea.ee\/wp-content\/uploads\/2017\/04\/pilt-0006-768x512.jpg\" data-width=\"768\" data-height=\"512\" aria-label=\"Kultuurikatel, rekonstrueerimine \/ arhitektuur KAVAKAVA\" role=\"img\" ><\/div>\n\t\t\t\t\t\t\t\t\t\t\t<div class=\"elementor-gallery-item__overlay\"><\/div>\n\t\t\t\t\t\t\t\t\t\t\t\t\t\t\t<div class=\"elementor-gallery-item__content\">\n\t\t\t\t\t\t\t\t\t\t\t\t\t\t<div class=\"elementor-gallery-item__title\">\n\t\t\t\t\t\t\t\t\t\t\t\t\t\t\t\t\t\tKultuurikatel, rekonstrueerimine \/ arhitektuur KAVAKAVA\t\t\t\t\t\t\t\t<\/div>\n\t\t\t\t\t\t\t\t\t\t\t\t<\/div>\n\t\t\t\t\t\t\t\t\t<\/a>\n\t\t\t\t\t\t\t<a class=\"e-gallery-item elementor-gallery-item elementor-animated-content\" href=\"https:\/\/projektipea.ee\/wp-content\/uploads\/2020\/03\/pilt-0007-1-2.jpg\" data-elementor-open-lightbox=\"yes\" data-elementor-lightbox-slideshow=\"4bff1bb\" data-elementor-lightbox-title=\"KUMU \/ arhitektuur Arkkitehtitoimisto Vapaavuori\" data-e-action-hash=\"#elementor-action%3Aaction%3Dlightbox%26settings%3DeyJpZCI6NTE1LCJ1cmwiOiJodHRwczpcL1wvcHJvamVrdGlwZWEuZWVcL3dwLWNvbnRlbnRcL3VwbG9hZHNcLzIwMjBcLzAzXC9waWx0LTAwMDctMS0yLmpwZyIsInNsaWRlc2hvdyI6IjRiZmYxYmIifQ%3D%3D\">\n\t\t\t\t\t<div class=\"e-gallery-image elementor-gallery-item__image\" data-thumbnail=\"https:\/\/projektipea.ee\/wp-content\/uploads\/2020\/03\/pilt-0007-1-2-768x512.jpg\" data-width=\"768\" data-height=\"512\" aria-label=\"KUMU \/ Arhitektuur Arkkitehtitoimisto Vapaavuori\" role=\"img\" ><\/div>\n\t\t\t\t\t\t\t\t\t\t\t<div class=\"elementor-gallery-item__overlay\"><\/div>\n\t\t\t\t\t\t\t\t\t\t\t\t\t\t\t<div class=\"elementor-gallery-item__content\">\n\t\t\t\t\t\t\t\t\t\t\t\t\t\t<div class=\"elementor-gallery-item__title\">\n\t\t\t\t\t\t\t\t\t\t\t\t\t\t\t\t\t\tKUMU \/ arhitektuur Arkkitehtitoimisto Vapaavuori\t\t\t\t\t\t\t\t<\/div>\n\t\t\t\t\t\t\t\t\t\t\t\t<\/div>\n\t\t\t\t\t\t\t\t\t<\/a>\n\t\t\t\t\t\t\t<a class=\"e-gallery-item elementor-gallery-item elementor-animated-content\" href=\"https:\/\/projektipea.ee\/wp-content\/uploads\/2017\/04\/pilt-0008.jpg\" data-elementor-open-lightbox=\"yes\" data-elementor-lightbox-slideshow=\"4bff1bb\" data-elementor-lightbox-title=\"Rakvere Tark Maja \/ arhitektuur Alver Arhitektid\" data-elementor-lightbox-description=\"Rakvere Tark Maja \/ arhitektuur Alver Arhitektid\" data-e-action-hash=\"#elementor-action%3Aaction%3Dlightbox%26settings%3DeyJpZCI6OTgsInVybCI6Imh0dHBzOlwvXC9wcm9qZWt0aXBlYS5lZVwvd3AtY29udGVudFwvdXBsb2Fkc1wvMjAxN1wvMDRcL3BpbHQtMDAwOC5qcGciLCJzbGlkZXNob3ciOiI0YmZmMWJiIn0%3D\">\n\t\t\t\t\t<div class=\"e-gallery-image elementor-gallery-item__image\" data-thumbnail=\"https:\/\/projektipea.ee\/wp-content\/uploads\/2017\/04\/pilt-0008-768x512.jpg\" data-width=\"768\" data-height=\"512\" aria-label=\"Rakvere Tark Maja \/ arhitektuur Alver Arhitektid\" role=\"img\" ><\/div>\n\t\t\t\t\t\t\t\t\t\t\t<div class=\"elementor-gallery-item__overlay\"><\/div>\n\t\t\t\t\t\t\t\t\t\t\t\t\t\t\t<div class=\"elementor-gallery-item__content\">\n\t\t\t\t\t\t\t\t\t\t\t\t\t\t<div class=\"elementor-gallery-item__title\">\n\t\t\t\t\t\t\t\t\t\t\t\t\t\t\t\t\t\tRakvere Tark Maja \/ arhitektuur Alver Arhitektid\t\t\t\t\t\t\t\t<\/div>\n\t\t\t\t\t\t\t\t\t\t\t\t<\/div>\n\t\t\t\t\t\t\t\t\t<\/a>\n\t\t\t\t\t\t\t<a class=\"e-gallery-item elementor-gallery-item elementor-animated-content\" href=\"https:\/\/projektipea.ee\/wp-content\/uploads\/2017\/04\/pilt-0018.jpg\" data-elementor-open-lightbox=\"yes\" data-elementor-lightbox-slideshow=\"4bff1bb\" data-elementor-lightbox-title=\"Tartu Vangla \/ arhitektuur AB Kalle Ro\u0303o\u0303mus\" data-elementor-lightbox-description=\"Tartu Vangla \/ arhitektuur AB Kalle Ro\u0303o\u0303mus\" data-e-action-hash=\"#elementor-action%3Aaction%3Dlightbox%26settings%3DeyJpZCI6MTA4LCJ1cmwiOiJodHRwczpcL1wvcHJvamVrdGlwZWEuZWVcL3dwLWNvbnRlbnRcL3VwbG9hZHNcLzIwMTdcLzA0XC9waWx0LTAwMTguanBnIiwic2xpZGVzaG93IjoiNGJmZjFiYiJ9\">\n\t\t\t\t\t<div class=\"e-gallery-image elementor-gallery-item__image\" data-thumbnail=\"https:\/\/projektipea.ee\/wp-content\/uploads\/2017\/04\/pilt-0018-768x576.jpg\" data-width=\"768\" data-height=\"576\" aria-label=\"Tartu Vangla \/ arhitektuur AB Kalle Ro\u0303o\u0303mus\" role=\"img\" ><\/div>\n\t\t\t\t\t\t\t\t\t\t\t<div class=\"elementor-gallery-item__overlay\"><\/div>\n\t\t\t\t\t\t\t\t\t\t\t\t\t\t\t<div class=\"elementor-gallery-item__content\">\n\t\t\t\t\t\t\t\t\t\t\t\t\t\t<div class=\"elementor-gallery-item__title\">\n\t\t\t\t\t\t\t\t\t\t\t\t\t\t\t\t\t\tTartu Vangla \/ arhitektuur AB Kalle Ro\u0303o\u0303mus\t\t\t\t\t\t\t\t<\/div>\n\t\t\t\t\t\t\t\t\t\t\t\t<\/div>\n\t\t\t\t\t\t\t\t\t<\/a>\n\t\t\t\t\t\t\t<a class=\"e-gallery-item elementor-gallery-item elementor-animated-content\" href=\"https:\/\/projektipea.ee\/wp-content\/uploads\/2017\/04\/pilt-0019.jpg\" data-elementor-open-lightbox=\"yes\" data-elementor-lightbox-slideshow=\"4bff1bb\" data-elementor-lightbox-title=\"Tartu \u00dclikooli F\u00fc\u00fcsika Instituut \/ arhitektuur Kadarik T\u00fc\u00fcr Arhitektid\" data-elementor-lightbox-description=\"Tartu \u00dclikooli F\u00fc\u00fcsika Instituut \/ arhitektuur Kadarik T\u00fc\u00fcr Arhitektid\" data-e-action-hash=\"#elementor-action%3Aaction%3Dlightbox%26settings%3DeyJpZCI6MTA5LCJ1cmwiOiJodHRwczpcL1wvcHJvamVrdGlwZWEuZWVcL3dwLWNvbnRlbnRcL3VwbG9hZHNcLzIwMTdcLzA0XC9waWx0LTAwMTkuanBnIiwic2xpZGVzaG93IjoiNGJmZjFiYiJ9\">\n\t\t\t\t\t<div class=\"e-gallery-image elementor-gallery-item__image\" data-thumbnail=\"https:\/\/projektipea.ee\/wp-content\/uploads\/2017\/04\/pilt-0019-768x512.jpg\" data-width=\"768\" data-height=\"512\" aria-label=\"Tartu \u00dclikooli F\u00fc\u00fcsika Instituut \/ arhitektuur Kadarik T\u00fc\u00fcr Arhitektid\" role=\"img\" ><\/div>\n\t\t\t\t\t\t\t\t\t\t\t<div class=\"elementor-gallery-item__overlay\"><\/div>\n\t\t\t\t\t\t\t\t\t\t\t\t\t\t\t<div class=\"elementor-gallery-item__content\">\n\t\t\t\t\t\t\t\t\t\t\t\t\t\t<div class=\"elementor-gallery-item__title\">\n\t\t\t\t\t\t\t\t\t\t\t\t\t\t\t\t\t\tTartu \u00dclikooli F\u00fc\u00fcsika Instituut \/ arhitektuur Kadarik T\u00fc\u00fcr Arhitektid\t\t\t\t\t\t\t\t<\/div>\n\t\t\t\t\t\t\t\t\t\t\t\t<\/div>\n\t\t\t\t\t\t\t\t\t<\/a>\n\t\t\t\t\t\t\t<a class=\"e-gallery-item elementor-gallery-item elementor-animated-content\" href=\"https:\/\/projektipea.ee\/wp-content\/uploads\/2017\/04\/pilt-0020.jpg\" data-elementor-open-lightbox=\"yes\" data-elementor-lightbox-slideshow=\"4bff1bb\" data-elementor-lightbox-title=\"Terviseamet \/ arhitektuur Doomino Arhitektid\" data-elementor-lightbox-description=\"Terviseamet \/ arhitektuur Doomino Arhitektid\" data-e-action-hash=\"#elementor-action%3Aaction%3Dlightbox%26settings%3DeyJpZCI6MTEwLCJ1cmwiOiJodHRwczpcL1wvcHJvamVrdGlwZWEuZWVcL3dwLWNvbnRlbnRcL3VwbG9hZHNcLzIwMTdcLzA0XC9waWx0LTAwMjAuanBnIiwic2xpZGVzaG93IjoiNGJmZjFiYiJ9\">\n\t\t\t\t\t<div class=\"e-gallery-image elementor-gallery-item__image\" data-thumbnail=\"https:\/\/projektipea.ee\/wp-content\/uploads\/2017\/04\/pilt-0020-768x576.jpg\" data-width=\"768\" data-height=\"576\" aria-label=\"Terviseamet \/ arhitektuur Doomino Arhitektid\" role=\"img\" ><\/div>\n\t\t\t\t\t\t\t\t\t\t\t<div class=\"elementor-gallery-item__overlay\"><\/div>\n\t\t\t\t\t\t\t\t\t\t\t\t\t\t\t<div class=\"elementor-gallery-item__content\">\n\t\t\t\t\t\t\t\t\t\t\t\t\t\t<div class=\"elementor-gallery-item__title\">\n\t\t\t\t\t\t\t\t\t\t\t\t\t\t\t\t\t\tTerviseamet \/ arhitektuur Doomino Arhitektid\t\t\t\t\t\t\t\t<\/div>\n\t\t\t\t\t\t\t\t\t\t\t\t<\/div>\n\t\t\t\t\t\t\t\t\t<\/a>\n\t\t\t\t\t\t\t<a class=\"e-gallery-item elementor-gallery-item elementor-animated-content\" href=\"https:\/\/projektipea.ee\/wp-content\/uploads\/2020\/03\/pilt-0009.jpg\" data-elementor-open-lightbox=\"yes\" data-elementor-lightbox-slideshow=\"4bff1bb\" data-elementor-lightbox-title=\"Ringh\u00e4\u00e4lingu hoone \u201eRING-H\u00c4\u00c4L-HING\u201c \/ arhitektuur Nobel arkitekter\" data-elementor-lightbox-description=\"Ringh\u00e4\u00e4lingu hoone &quot;Ring-h\u00e4\u00e4l-hing&quot; \/ Arhitektuur Nobel Arhitekter\" data-e-action-hash=\"#elementor-action%3Aaction%3Dlightbox%26settings%3DeyJpZCI6NTQ2LCJ1cmwiOiJodHRwczpcL1wvcHJvamVrdGlwZWEuZWVcL3dwLWNvbnRlbnRcL3VwbG9hZHNcLzIwMjBcLzAzXC9waWx0LTAwMDkuanBnIiwic2xpZGVzaG93IjoiNGJmZjFiYiJ9\">\n\t\t\t\t\t<div class=\"e-gallery-image elementor-gallery-item__image\" data-thumbnail=\"https:\/\/projektipea.ee\/wp-content\/uploads\/2020\/03\/pilt-0009-768x578.jpg\" data-width=\"768\" data-height=\"578\" aria-label=\"Ringh\u00e4\u00e4lingu hoone &quot;Ring-h\u00e4\u00e4l-hing&quot; \/ Arhitektuur Nobel Arhitekter\" role=\"img\" ><\/div>\n\t\t\t\t\t\t\t\t\t\t\t<div class=\"elementor-gallery-item__overlay\"><\/div>\n\t\t\t\t\t\t\t\t\t\t\t\t\t\t\t<div class=\"elementor-gallery-item__content\">\n\t\t\t\t\t\t\t\t\t\t\t\t\t\t<div class=\"elementor-gallery-item__title\">\n\t\t\t\t\t\t\t\t\t\t\t\t\t\t\t\t\t\tRingh\u00e4\u00e4lingu hoone \u201eRING-H\u00c4\u00c4L-HING\u201c \/ arhitektuur Nobel arkitekter\t\t\t\t\t\t\t\t<\/div>\n\t\t\t\t\t\t\t\t\t\t\t\t<\/div>\n\t\t\t\t\t\t\t\t\t<\/a>\n\t\t\t\t\t\t\t<a class=\"e-gallery-item elementor-gallery-item elementor-animated-content\" href=\"https:\/\/projektipea.ee\/wp-content\/uploads\/2017\/04\/pilt-0010.jpg\" data-elementor-open-lightbox=\"yes\" data-elementor-lightbox-slideshow=\"4bff1bb\" data-elementor-lightbox-title=\"Rotermanni Elevaator, rekonstrueerimine \/ arhitektuur KOKO arhitektid\" data-elementor-lightbox-description=\"Rotermanni Elevaator, rekonstrueerimine \/ arhitektuur KOKO arhitektid\" data-e-action-hash=\"#elementor-action%3Aaction%3Dlightbox%26settings%3DeyJpZCI6MTAwLCJ1cmwiOiJodHRwczpcL1wvcHJvamVrdGlwZWEuZWVcL3dwLWNvbnRlbnRcL3VwbG9hZHNcLzIwMTdcLzA0XC9waWx0LTAwMTAuanBnIiwic2xpZGVzaG93IjoiNGJmZjFiYiJ9\">\n\t\t\t\t\t<div class=\"e-gallery-image elementor-gallery-item__image\" data-thumbnail=\"https:\/\/projektipea.ee\/wp-content\/uploads\/2017\/04\/pilt-0010-768x1152.jpg\" data-width=\"768\" data-height=\"1152\" aria-label=\"Rotermanni Elevaator, rekonstrueerimine \/ arhitektuur KOKO arhitektid\" role=\"img\" ><\/div>\n\t\t\t\t\t\t\t\t\t\t\t<div class=\"elementor-gallery-item__overlay\"><\/div>\n\t\t\t\t\t\t\t\t\t\t\t\t\t\t\t<div class=\"elementor-gallery-item__content\">\n\t\t\t\t\t\t\t\t\t\t\t\t\t\t<div class=\"elementor-gallery-item__title\">\n\t\t\t\t\t\t\t\t\t\t\t\t\t\t\t\t\t\tRotermanni Elevaator, rekonstrueerimine \/ arhitektuur KOKO arhitektid\t\t\t\t\t\t\t\t<\/div>\n\t\t\t\t\t\t\t\t\t\t\t\t<\/div>\n\t\t\t\t\t\t\t\t\t<\/a>\n\t\t\t\t\t\t\t<a class=\"e-gallery-item elementor-gallery-item elementor-animated-content\" href=\"https:\/\/projektipea.ee\/wp-content\/uploads\/2017\/04\/pilt-0011.jpg\" data-elementor-open-lightbox=\"yes\" data-elementor-lightbox-slideshow=\"4bff1bb\" data-elementor-lightbox-title=\"Rotermanni Jahuladu, rekonstrueerimine \/ arhitektuur HG Arhitektuur\" data-elementor-lightbox-description=\"Rotermanni Jahuladu, rekonstrueerimine \/ arhitektuur HG Arhitektuur\" data-e-action-hash=\"#elementor-action%3Aaction%3Dlightbox%26settings%3DeyJpZCI6MTAxLCJ1cmwiOiJodHRwczpcL1wvcHJvamVrdGlwZWEuZWVcL3dwLWNvbnRlbnRcL3VwbG9hZHNcLzIwMTdcLzA0XC9waWx0LTAwMTEuanBnIiwic2xpZGVzaG93IjoiNGJmZjFiYiJ9\">\n\t\t\t\t\t<div class=\"e-gallery-image elementor-gallery-item__image\" data-thumbnail=\"https:\/\/projektipea.ee\/wp-content\/uploads\/2017\/04\/pilt-0011-768x512.jpg\" data-width=\"768\" data-height=\"512\" aria-label=\"Rotermanni Jahuladu, rekonstrueerimine \/ arhitektuur HG Arhitektuur\" role=\"img\" ><\/div>\n\t\t\t\t\t\t\t\t\t\t\t<div class=\"elementor-gallery-item__overlay\"><\/div>\n\t\t\t\t\t\t\t\t\t\t\t\t\t\t\t<div class=\"elementor-gallery-item__content\">\n\t\t\t\t\t\t\t\t\t\t\t\t\t\t<div class=\"elementor-gallery-item__title\">\n\t\t\t\t\t\t\t\t\t\t\t\t\t\t\t\t\t\tRotermanni Jahuladu, rekonstrueerimine \/ arhitektuur HG Arhitektuur\t\t\t\t\t\t\t\t<\/div>\n\t\t\t\t\t\t\t\t\t\t\t\t<\/div>\n\t\t\t\t\t\t\t\t\t<\/a>\n\t\t\t\t\t\t\t<a class=\"e-gallery-item elementor-gallery-item elementor-animated-content\" href=\"https:\/\/projektipea.ee\/wp-content\/uploads\/2017\/04\/pilt-0021.jpg\" data-elementor-open-lightbox=\"yes\" data-elementor-lightbox-slideshow=\"4bff1bb\" data-elementor-lightbox-title=\"Tondiraba Golfikeskus \/ arhitektuur Kadarik Tu\u0308u\u0308r Arhitektid\" data-elementor-lightbox-description=\"Tondiraba Golfikeskus \/ arhitektuur Kadarik Tu\u0308u\u0308r Arhitektid\" data-e-action-hash=\"#elementor-action%3Aaction%3Dlightbox%26settings%3DeyJpZCI6MTExLCJ1cmwiOiJodHRwczpcL1wvcHJvamVrdGlwZWEuZWVcL3dwLWNvbnRlbnRcL3VwbG9hZHNcLzIwMTdcLzA0XC9waWx0LTAwMjEuanBnIiwic2xpZGVzaG93IjoiNGJmZjFiYiJ9\">\n\t\t\t\t\t<div class=\"e-gallery-image elementor-gallery-item__image\" data-thumbnail=\"https:\/\/projektipea.ee\/wp-content\/uploads\/2017\/04\/pilt-0021-768x384.jpg\" data-width=\"768\" data-height=\"384\" aria-label=\"Tondiraba Golfikeskus \/ arhitektuur Kadarik Tu\u0308u\u0308r Arhitektid\" role=\"img\" ><\/div>\n\t\t\t\t\t\t\t\t\t\t\t<div class=\"elementor-gallery-item__overlay\"><\/div>\n\t\t\t\t\t\t\t\t\t\t\t\t\t\t\t<div class=\"elementor-gallery-item__content\">\n\t\t\t\t\t\t\t\t\t\t\t\t\t\t<div class=\"elementor-gallery-item__title\">\n\t\t\t\t\t\t\t\t\t\t\t\t\t\t\t\t\t\tTondiraba Golfikeskus \/ arhitektuur Kadarik Tu\u0308u\u0308r Arhitektid\t\t\t\t\t\t\t\t<\/div>\n\t\t\t\t\t\t\t\t\t\t\t\t<\/div>\n\t\t\t\t\t\t\t\t\t<\/a>\n\t\t\t\t\t\t\t<a class=\"e-gallery-item elementor-gallery-item elementor-animated-content\" href=\"https:\/\/projektipea.ee\/wp-content\/uploads\/2017\/04\/pilt-0022.jpg\" data-elementor-open-lightbox=\"yes\" data-elementor-lightbox-slideshow=\"4bff1bb\" data-elementor-lightbox-title=\"Tornim\u00e4e \u00c4rikeskus \/ arhitektuur Nord Projekt\" data-elementor-lightbox-description=\"Tornim\u00e4e \u00c4rikeskus \/ arhitektuur Nord Projekt\" data-e-action-hash=\"#elementor-action%3Aaction%3Dlightbox%26settings%3DeyJpZCI6MTEyLCJ1cmwiOiJodHRwczpcL1wvcHJvamVrdGlwZWEuZWVcL3dwLWNvbnRlbnRcL3VwbG9hZHNcLzIwMTdcLzA0XC9waWx0LTAwMjIuanBnIiwic2xpZGVzaG93IjoiNGJmZjFiYiJ9\">\n\t\t\t\t\t<div class=\"e-gallery-image elementor-gallery-item__image\" data-thumbnail=\"https:\/\/projektipea.ee\/wp-content\/uploads\/2017\/04\/pilt-0022-768x1024.jpg\" data-width=\"768\" data-height=\"1024\" aria-label=\"Tornim\u00e4e \u00c4rikeskus \/ arhitektuur Nord Projekt\" role=\"img\" ><\/div>\n\t\t\t\t\t\t\t\t\t\t\t<div class=\"elementor-gallery-item__overlay\"><\/div>\n\t\t\t\t\t\t\t\t\t\t\t\t\t\t\t<div class=\"elementor-gallery-item__content\">\n\t\t\t\t\t\t\t\t\t\t\t\t\t\t<div class=\"elementor-gallery-item__title\">\n\t\t\t\t\t\t\t\t\t\t\t\t\t\t\t\t\t\tTornim\u00e4e \u00c4rikeskus \/ arhitektuur Nord Projekt\t\t\t\t\t\t\t\t<\/div>\n\t\t\t\t\t\t\t\t\t\t\t\t<\/div>\n\t\t\t\t\t\t\t\t\t<\/a>\n\t\t\t\t\t\t\t<a class=\"e-gallery-item elementor-gallery-item elementor-animated-content\" href=\"https:\/\/projektipea.ee\/wp-content\/uploads\/2017\/04\/pilt-0023.jpg\" data-elementor-open-lightbox=\"yes\" data-elementor-lightbox-slideshow=\"4bff1bb\" data-elementor-lightbox-title=\"Vivareci maja, rekonstrueerimine \/ arhitektuur AB Salto\" data-elementor-lightbox-description=\"Vivareci maja, rekonstrueerimine \/ arhitektuur AB Salto\n\" data-e-action-hash=\"#elementor-action%3Aaction%3Dlightbox%26settings%3DeyJpZCI6MTEzLCJ1cmwiOiJodHRwczpcL1wvcHJvamVrdGlwZWEuZWVcL3dwLWNvbnRlbnRcL3VwbG9hZHNcLzIwMTdcLzA0XC9waWx0LTAwMjMuanBnIiwic2xpZGVzaG93IjoiNGJmZjFiYiJ9\">\n\t\t\t\t\t<div class=\"e-gallery-image elementor-gallery-item__image\" data-thumbnail=\"https:\/\/projektipea.ee\/wp-content\/uploads\/2017\/04\/pilt-0023-768x512.jpg\" data-width=\"768\" data-height=\"512\" aria-label=\"Vivareci maja, rekonstrueerimine \/ arhitektuur AB Salto\" role=\"img\" ><\/div>\n\t\t\t\t\t\t\t\t\t\t\t<div class=\"elementor-gallery-item__overlay\"><\/div>\n\t\t\t\t\t\t\t\t\t\t\t\t\t\t\t<div class=\"elementor-gallery-item__content\">\n\t\t\t\t\t\t\t\t\t\t\t\t\t\t<div class=\"elementor-gallery-item__title\">\n\t\t\t\t\t\t\t\t\t\t\t\t\t\t\t\t\t\tVivareci maja, rekonstrueerimine \/ arhitektuur AB Salto\t\t\t\t\t\t\t\t<\/div>\n\t\t\t\t\t\t\t\t\t\t\t\t<\/div>\n\t\t\t\t\t\t\t\t\t<\/a>\n\t\t\t\t\t<\/div>\n\t\t\t\t\t<\/div>\n\t\t\t\t<\/div>\n\t\t\t\t\t<\/div>\n\t\t<\/div>\n\t\t\t\t\t<\/div>\n\t\t<\/section>\n\t\t\t\t<\/div>\n\t\t","protected":false},"excerpt":{"rendered":"<p>A selection of buildings in the design work of which the consultants of Projektipea have been involved Arsenali \u00c4rikeskus, rekonstrueerimine \/ arhitektuur PIN Arhitektid Viljandi laululava \/ Arhitektuur Kadarik T\u00fc\u00fcr arhitektid Eesti Rahva Muuseum \/ arhitektuur Dorell Ghotmeh Tane Architects Rotermanni Kontrollk\u00e4iguhoone, rekonstrueerimine \/ arhitektuur KOKO arhitektid Rotermanni Laudsepat\u00f6\u00f6koda, rekonstrueerimine \/ arhitektuur KOKO arhitektid S\u00f5le &#8230; <a title=\"Portfolio\" class=\"read-more\" href=\"https:\/\/projektipea.ee\/en\/portfolio\/\" aria-label=\"More on Portfolio\">Read more<\/a><\/p>\n","protected":false},"author":1,"featured_media":0,"parent":0,"menu_order":0,"comment_status":"closed","ping_status":"closed","template":"","meta":{"generate_page_header":"","footnotes":""},"class_list":["post-351","page","type-page","status-publish"],"yoast_head":"<!-- This site is optimized with the Yoast SEO plugin v27.3 - https:\/\/yoast.com\/product\/yoast-seo-wordpress\/ -->\n<title>Portfolio of Projektipea O\u00dc - Design leadership professionals<\/title>\n<meta name=\"description\" content=\"A selection of buildings in the design work of which the consultants of Projektipea have been involved. See more and ask for consultation!\" \/>\n<meta name=\"robots\" content=\"index, follow, max-snippet:-1, max-image-preview:large, max-video-preview:-1\" \/>\n<link rel=\"canonical\" href=\"https:\/\/projektipea.ee\/en\/portfolio\/\" \/>\n<meta property=\"og:locale\" content=\"en_US\" \/>\n<meta property=\"og:type\" content=\"article\" \/>\n<meta property=\"og:title\" content=\"Portfolio of Projektipea O\u00dc - Design leadership professionals\" \/>\n<meta property=\"og:description\" content=\"A selection of buildings in the design work of which the consultants of Projektipea have been involved. See more and ask for consultation!\" \/>\n<meta property=\"og:url\" content=\"https:\/\/projektipea.ee\/en\/portfolio\/\" \/>\n<meta property=\"og:site_name\" content=\"Projektipea O\u00dc\" \/>\n<meta property=\"article:modified_time\" content=\"2020-03-09T09:52:37+00:00\" \/>\n<meta name=\"twitter:card\" content=\"summary_large_image\" \/>\n<meta name=\"twitter:label1\" content=\"Est. reading time\" \/>\n\t<meta name=\"twitter:data1\" content=\"1 minute\" \/>\n<script type=\"application\/ld+json\" class=\"yoast-schema-graph\">{\"@context\":\"https:\\\/\\\/schema.org\",\"@graph\":[{\"@type\":\"WebPage\",\"@id\":\"https:\\\/\\\/projektipea.ee\\\/en\\\/portfolio\\\/\",\"url\":\"https:\\\/\\\/projektipea.ee\\\/en\\\/portfolio\\\/\",\"name\":\"Portfolio of Projektipea O\u00dc - Design leadership professionals\",\"isPartOf\":{\"@id\":\"https:\\\/\\\/projektipea.ee\\\/#website\"},\"datePublished\":\"2017-04-28T09:54:15+00:00\",\"dateModified\":\"2020-03-09T09:52:37+00:00\",\"description\":\"A selection of buildings in the design work of which the consultants of Projektipea have been involved. See more and ask for consultation!\",\"breadcrumb\":{\"@id\":\"https:\\\/\\\/projektipea.ee\\\/en\\\/portfolio\\\/#breadcrumb\"},\"inLanguage\":\"en-US\",\"potentialAction\":[{\"@type\":\"ReadAction\",\"target\":[\"https:\\\/\\\/projektipea.ee\\\/en\\\/portfolio\\\/\"]}]},{\"@type\":\"BreadcrumbList\",\"@id\":\"https:\\\/\\\/projektipea.ee\\\/en\\\/portfolio\\\/#breadcrumb\",\"itemListElement\":[{\"@type\":\"ListItem\",\"position\":1,\"name\":\"Home\",\"item\":\"https:\\\/\\\/projektipea.ee\\\/\"},{\"@type\":\"ListItem\",\"position\":2,\"name\":\"Portfolio\"}]},{\"@type\":\"WebSite\",\"@id\":\"https:\\\/\\\/projektipea.ee\\\/#website\",\"url\":\"https:\\\/\\\/projektipea.ee\\\/\",\"name\":\"Projektipea O\u00dc\",\"description\":\"Design leadership professionals\",\"publisher\":{\"@id\":\"https:\\\/\\\/projektipea.ee\\\/#organization\"},\"potentialAction\":[{\"@type\":\"SearchAction\",\"target\":{\"@type\":\"EntryPoint\",\"urlTemplate\":\"https:\\\/\\\/projektipea.ee\\\/?s={search_term_string}\"},\"query-input\":{\"@type\":\"PropertyValueSpecification\",\"valueRequired\":true,\"valueName\":\"search_term_string\"}}],\"inLanguage\":\"en-US\"},{\"@type\":\"Organization\",\"@id\":\"https:\\\/\\\/projektipea.ee\\\/#organization\",\"name\":\"Projektipea O\u00dc\",\"url\":\"https:\\\/\\\/projektipea.ee\\\/\",\"logo\":{\"@type\":\"ImageObject\",\"inLanguage\":\"en-US\",\"@id\":\"https:\\\/\\\/projektipea.ee\\\/#\\\/schema\\\/logo\\\/image\\\/\",\"url\":\"https:\\\/\\\/projektipea.ee\\\/wp-content\\\/uploads\\\/2020\\\/01\\\/logo1.png\",\"contentUrl\":\"https:\\\/\\\/projektipea.ee\\\/wp-content\\\/uploads\\\/2020\\\/01\\\/logo1.png\",\"width\":310,\"height\":75,\"caption\":\"Projektipea O\u00dc\"},\"image\":{\"@id\":\"https:\\\/\\\/projektipea.ee\\\/#\\\/schema\\\/logo\\\/image\\\/\"}}]}<\/script>\n<!-- \/ Yoast SEO plugin. -->","yoast_head_json":{"title":"Portfolio of Projektipea O\u00dc - Design leadership professionals","description":"A selection of buildings in the design work of which the consultants of Projektipea have been involved. See more and ask for consultation!","robots":{"index":"index","follow":"follow","max-snippet":"max-snippet:-1","max-image-preview":"max-image-preview:large","max-video-preview":"max-video-preview:-1"},"canonical":"https:\/\/projektipea.ee\/en\/portfolio\/","og_locale":"en_US","og_type":"article","og_title":"Portfolio of Projektipea O\u00dc - Design leadership professionals","og_description":"A selection of buildings in the design work of which the consultants of Projektipea have been involved. See more and ask for consultation!","og_url":"https:\/\/projektipea.ee\/en\/portfolio\/","og_site_name":"Projektipea O\u00dc","article_modified_time":"2020-03-09T09:52:37+00:00","twitter_card":"summary_large_image","twitter_misc":{"Est. reading time":"1 minute"},"schema":{"@context":"https:\/\/schema.org","@graph":[{"@type":"WebPage","@id":"https:\/\/projektipea.ee\/en\/portfolio\/","url":"https:\/\/projektipea.ee\/en\/portfolio\/","name":"Portfolio of Projektipea O\u00dc - Design leadership professionals","isPartOf":{"@id":"https:\/\/projektipea.ee\/#website"},"datePublished":"2017-04-28T09:54:15+00:00","dateModified":"2020-03-09T09:52:37+00:00","description":"A selection of buildings in the design work of which the consultants of Projektipea have been involved. See more and ask for consultation!","breadcrumb":{"@id":"https:\/\/projektipea.ee\/en\/portfolio\/#breadcrumb"},"inLanguage":"en-US","potentialAction":[{"@type":"ReadAction","target":["https:\/\/projektipea.ee\/en\/portfolio\/"]}]},{"@type":"BreadcrumbList","@id":"https:\/\/projektipea.ee\/en\/portfolio\/#breadcrumb","itemListElement":[{"@type":"ListItem","position":1,"name":"Home","item":"https:\/\/projektipea.ee\/"},{"@type":"ListItem","position":2,"name":"Portfolio"}]},{"@type":"WebSite","@id":"https:\/\/projektipea.ee\/#website","url":"https:\/\/projektipea.ee\/","name":"Projektipea O\u00dc","description":"Design leadership professionals","publisher":{"@id":"https:\/\/projektipea.ee\/#organization"},"potentialAction":[{"@type":"SearchAction","target":{"@type":"EntryPoint","urlTemplate":"https:\/\/projektipea.ee\/?s={search_term_string}"},"query-input":{"@type":"PropertyValueSpecification","valueRequired":true,"valueName":"search_term_string"}}],"inLanguage":"en-US"},{"@type":"Organization","@id":"https:\/\/projektipea.ee\/#organization","name":"Projektipea O\u00dc","url":"https:\/\/projektipea.ee\/","logo":{"@type":"ImageObject","inLanguage":"en-US","@id":"https:\/\/projektipea.ee\/#\/schema\/logo\/image\/","url":"https:\/\/projektipea.ee\/wp-content\/uploads\/2020\/01\/logo1.png","contentUrl":"https:\/\/projektipea.ee\/wp-content\/uploads\/2020\/01\/logo1.png","width":310,"height":75,"caption":"Projektipea O\u00dc"},"image":{"@id":"https:\/\/projektipea.ee\/#\/schema\/logo\/image\/"}}]}},"_links":{"self":[{"href":"https:\/\/projektipea.ee\/en\/wp-json\/wp\/v2\/pages\/351","targetHints":{"allow":["GET"]}}],"collection":[{"href":"https:\/\/projektipea.ee\/en\/wp-json\/wp\/v2\/pages"}],"about":[{"href":"https:\/\/projektipea.ee\/en\/wp-json\/wp\/v2\/types\/page"}],"author":[{"embeddable":true,"href":"https:\/\/projektipea.ee\/en\/wp-json\/wp\/v2\/users\/1"}],"replies":[{"embeddable":true,"href":"https:\/\/projektipea.ee\/en\/wp-json\/wp\/v2\/comments?post=351"}],"version-history":[{"count":3,"href":"https:\/\/projektipea.ee\/en\/wp-json\/wp\/v2\/pages\/351\/revisions"}],"predecessor-version":[{"id":557,"href":"https:\/\/projektipea.ee\/en\/wp-json\/wp\/v2\/pages\/351\/revisions\/557"}],"wp:attachment":[{"href":"https:\/\/projektipea.ee\/en\/wp-json\/wp\/v2\/media?parent=351"}],"curies":[{"name":"wp","href":"https:\/\/api.w.org\/{rel}","templated":true}]}}